{"id":816,"date":"2025-10-13T20:25:26","date_gmt":"2025-10-13T23:25:26","guid":{"rendered":"https:\/\/gpesupe.org\/?post_type=_publicacoes-academ&#038;p=816"},"modified":"2026-03-10T15:06:37","modified_gmt":"2026-03-10T18:06:37","slug":"associacao-entre-o-ambiente-da-escola-deeducacao-infantil-e-o-nivel-de-atividadefisica-de-criancas-pre-escolares","status":"publish","type":"_publicacoes-academ","link":"https:\/\/gpesupe.org\/en\/_publicacoes-academ\/associacao-entre-o-ambiente-da-escola-deeducacao-infantil-e-o-nivel-de-atividadefisica-de-criancas-pre-escolares\/","title":{"rendered":"Associa\u00e7\u00e3o entre o ambiente da escola de educa\u00e7\u00e3o infantil e o n\u00edvel de atividade f\u00edsica de crian\u00e7as pr\u00e9-escolares"},"content":{"rendered":"<p><strong>RESUMO<\/strong><\/p>\n\n\n\n<p>O objetivo deste estudo foi descrever as caracter\u00edsticas do ambiente das escolas de educa\u00e7\u00e3o infantil e analisar a associa\u00e7\u00e3o de fatores ambientais com o n\u00edvel de atividade f\u00edsica (AF) de crian \u00e7as pr\u00e9-escolares. Foi realizado um estudo transversal de base escolar com dados de uma amostra de 1.042 crian\u00e7as pr\u00e9-escolares (3 a 5 anos) da cidade do Recife (PE). A sele\u00e7\u00e3o dos participan tes foi efetuada mediante amostragem por conglomerados em est\u00e1gio \u00fanico. Informa\u00e7\u00f5es sobre o n\u00edvel de AF foram obtidas atrav\u00e9s de question\u00e1rio administrado na forma de entrevista face a face com os pais, enquanto a avalia\u00e7\u00e3o do ambiente da escola foi efetuada por meio de um inven t\u00e1rio para avalia\u00e7\u00e3o ambiental. Cerca de uma em cada quatro crian\u00e7as apresentaram baixo n\u00edvel de AF em dias de semana (24,9%; IC95%: 22,5-27,5). Resultados indicaram que em escolas de menor porte (\u2264100 crian\u00e7as matriculadas) nenhum dos fatores ambientais avaliados apresentou associa\u00e7\u00e3o com o n\u00edvel de AF das crian\u00e7as em dias de semana. Por outro lado, em escolas de maior porte (>100 crian\u00e7as), cinco caracter\u00edsticas ambientais foram identificadas como fatores inversamente associados ao n\u00edvel de AF: oferta de aula de educa\u00e7\u00e3o f\u00edsica; realiza\u00e7\u00e3o de pelo me nos um recreio por dia; AF orientada durante o recreio; permiss\u00e3o para que as crian\u00e7as tragam brinquedos para brincar no recreio; e oferecimento de AF supervisionada na escola. Concluiu-se que as caracter\u00edsticas ambientais da escola est\u00e3o associadas \u00e0 pr\u00e1tica de AF em pr\u00e9-escolares, mas somente a oferta de recreios foi identificada como fator de prote\u00e7\u00e3o para baixo n\u00edvel de AF.<\/p>\n\n\n\n<p><br><strong>Palavras-chave<\/strong>: Atividade motora; Ambiente; Pr\u00e9-escolar.<\/p>\n\n    <div class=\"xs_social_share_widget xs_share_url after_content \t\tmain_content  wslu-style-1 wslu-share-box-shaped wslu-fill-colored wslu-none wslu-share-horizontal wslu-theme-font-no wslu-main_content\">\n\n\t\t\n        <ul>\n\t\t\t        <\/ul>\n    <\/div>","protected":false},"template":"","_tipo-de-publicacao":[34],"class_list":["post-816","_publicacoes-academ","type-_publicacoes-academ","status-publish","hentry","_tipo-de-publicacao-artigo"],"_links":{"self":[{"href":"https:\/\/gpesupe.org\/en\/wp-json\/wp\/v2\/_publicacoes-academ\/816","targetHints":{"allow":["GET"]}}],"collection":[{"href":"https:\/\/gpesupe.org\/en\/wp-json\/wp\/v2\/_publicacoes-academ"}],"about":[{"href":"https:\/\/gpesupe.org\/en\/wp-json\/wp\/v2\/types\/_publicacoes-academ"}],"wp:attachment":[{"href":"https:\/\/gpesupe.org\/en\/wp-json\/wp\/v2\/media?parent=816"}],"wp:term":[{"taxonomy":"_tipo-de-publicacao","embeddable":true,"href":"https:\/\/gpesupe.org\/en\/wp-json\/wp\/v2\/_tipo-de-publicacao?post=816"}],"curies":[{"name":"wp","href":"https:\/\/api.w.org\/{rel}","templated":true}]}}